{"id":1877,"date":"2022-04-18T18:31:45","date_gmt":"2022-04-18T16:31:45","guid":{"rendered":"https:\/\/golfecoledelair.fr\/?page_id=1877"},"modified":"2026-04-18T22:31:45","modified_gmt":"2026-04-18T20:31:45","slug":"competitions-federation-club-defense","status":"publish","type":"page","link":"https:\/\/golfecoledelair.fr\/index.php\/competitions-federation-club-defense\/","title":{"rendered":"Comp\u00e9titions F\u00e9d\u00e9ration Clubs D\u00e9fense (FCD)"},"content":{"rendered":"<h5 style=\"text-align: center;\"><img loading=\"lazy\" decoding=\"async\" class=\"alignnone  wp-image-6280\" src=\"https:\/\/golfecoledelair.fr\/wp-content\/uploads\/2024\/06\/logo-FCD-300x196.png\" alt=\"\" width=\"179\" height=\"117\" srcset=\"https:\/\/golfecoledelair.fr\/wp-content\/uploads\/2024\/06\/logo-FCD-300x196.png 300w, https:\/\/golfecoledelair.fr\/wp-content\/uploads\/2024\/06\/logo-FCD-1024x669.png 1024w, https:\/\/golfecoledelair.fr\/wp-content\/uploads\/2024\/06\/logo-FCD-768x502.png 768w, https:\/\/golfecoledelair.fr\/wp-content\/uploads\/2024\/06\/logo-FCD-1536x1003.png 1536w, https:\/\/golfecoledelair.fr\/wp-content\/uploads\/2024\/06\/logo-FCD-2048x1338.png 2048w, https:\/\/golfecoledelair.fr\/wp-content\/uploads\/2024\/06\/logo-FCD-459x300.png 459w\" sizes=\"auto, (max-width: 179px) 100vw, 179px\" \/><\/h5>\n<h5 style=\"text-align: center;\">Comp\u00e9titions de la F\u00e9d\u00e9ration des clubs de la d\u00e9fense (FCD)<\/h5>\n<p style=\"text-align: center;\"><a href=\"https:\/\/www.lafederationdefense.fr\/\">En savoir plus sur la FCD<\/a><\/p>\n<p><img loading=\"lazy\" decoding=\"async\" class=\"alignnone  wp-image-2206 aligncenter\" src=\"https:\/\/golfecoledelair.fr\/wp-content\/uploads\/2022\/06\/Golfeur-mixte01.png\" alt=\". .\" width=\"127\" height=\"76\" \/><\/p>\n<ul>\n<li>\n<h5>Championnat de la ligue Provence-Alpes-C\u00f4te d&rsquo;Azur-Corse :<\/h5>\n<\/li>\n<\/ul>\n<p style=\"text-align: center;\"><a href=\"https:\/\/liguepacacorse.lafederationdefense.fr\/\">En savoir plus sur la FCD Provence-Alpes-C\u00f4te d&rsquo;Azur-Corse<\/a><\/p>\n<p style=\"text-align: left;\">Championnat organis\u00e9 par la ligue, par \u00e9quipes de 3 joueurs et qualificatif pour le championnat de France FCD.<\/p>\n<p>Classement individuel Brut et Net<\/p>\n<p>Classement par \u00e9quipe : addition des 3 cartes de chaque \u00e9quipe.<\/p>\n<p style=\"text-align: left; padding-left: 120px;\"><strong>Capitaine d&rsquo;\u00e9quipe : Jean-Paul Trapy<\/strong><\/p>\n<p style=\"text-align: left; padding-left: 40px;\"><a href=\"http:\/\/golfecoledelair.fr\/compet fcd\/r\u00e9sultats ligue 2022.pdf\">R\u00e9sultats du R\u00e9gional 2021-2022, Golf de Barbaroux le 05 avril 2022<\/a><\/p>\n<p style=\"text-align: left; padding-left: 40px;\"><a href=\"http:\/\/golfecoledelair.fr\/compet fcd\/r\u00e9sultats ligue 2023.pdf\" data-wplink-url-error=\"true\">R\u00e9sultats du R\u00e9gional 2022-2023, Golf de Barbaroux le 07 juin 2023<\/a> \u00a0\u00a02 \u00e9quipes qualifi\u00e9es pour le National \u00e0 Orl\u00e9ans les 1er et 2 juillet 2023\u00a0 \u00a0 \u00a0 \u00a0 \u00a0 \u00a0 \u00a0 <a href=\"https:\/\/golfecoledelair.fr\/index.php\/photos-2023\/\">Photos<\/a><\/p>\n<p style=\"text-align: left; padding-left: 40px;\"><a href=\"http:\/\/golfecoledelair.fr\/compet fcd\/r\u00e9sultats ligue 2024.pdf\">R\u00e9sultats du R\u00e9gional 2023-2024, Golf de La Salette le 07 avril 2024<\/a> \u00a0 3 \u00e9quipes qualifi\u00e9es pour le National \u00e0 Villacoublay\u00a0 \u00a0 \u00a0 \u00a0 \u00a0 \u00a0 \u00a0 \u00a0 \u00a0 \u00a0 \u00a0 \u00a0 \u00a0 \u00a0 \u00a0 \u00a0 \u00a0 \u00a0 \u00a0 \u00a0 \u00a0 \u00a0 <a href=\"https:\/\/golfecoledelair.fr\/index.php\/photos-2024\/\">Photos<\/a><\/p>\n<p style=\"text-align: left; padding-left: 40px;\"><a href=\"http:\/\/golfecoledelair.fr\/compet fcd\/r\u00e9sultats ligue 2025.pdf\">R\u00e9sultats du R\u00e9gional 2024-2025 Golf de Barbaroux le 23 f\u00e9vrier 2025<\/a>\u00a0 1 \u00e9quipes qualifi\u00e9es pour le National \u00e0 Valence\u00a0 \u00a0 \u00a0 \u00a0 \u00a0 \u00a0 \u00a0 \u00a0 \u00a0 \u00a0 \u00a0 \u00a0 \u00a0 \u00a0 \u00a0 \u00a0 \u00a0 \u00a0 \u00a0 \u00a0 \u00a0 \u00a0 \u00a0 \u00a0 \u00a0Photos<\/p>\n<p style=\"text-align: left; padding-left: 40px;\"><strong>R\u00e9sultats du R\u00e9gional 2025-2026<\/strong><\/p>\n<p style=\"padding-left: 80px; text-align: left;\"><a href=\"http:\/\/golfecoledelair.fr\/compet fcd\/r\u00e9sultats ligue 2026 (1).pdf\">La Salette 25\/01\/2026<\/a>\u00a0 \u00a0 \u00a0 \u00a0 \u00a0 <a href=\"http:\/\/golfecoledelair.fr\/compet fcd\/r\u00e9sultats ligue 2026 (2).pdf\" data-wplink-url-error=\"true\">Sainte Maxime 07\/02\/2026<\/a>\u00a0 \u00a0 \u00a0 \u00a0 \u00a0 <a href=\"http:\/\/golfecoledelair.fr\/compet fcd\/r\u00e9sultats ligue 2026 (3).pdf\">Barbaroux 07\/03\/2026\u00a0<\/a> \u00a0 \u00a0 \u00a0 \u00a0 \u00a0 \u00a0 \u00a0 \u00a0 \u00a0 \u00a0Photos\u00a0<\/p>\n<p><img loading=\"lazy\" decoding=\"async\" class=\"alignnone  wp-image-2206 aligncenter\" src=\"https:\/\/golfecoledelair.fr\/wp-content\/uploads\/2022\/06\/Golfeur-mixte01.png\" alt=\". .\" width=\"127\" height=\"76\" \/><\/p>\n<ul>\n<li>\n<h5>Championnat de France FCD :<\/h5>\n<\/li>\n<\/ul>\n<p>Comp\u00e9tition en strokeplay organis\u00e9e par la FCD, sur 3 jours, 1 jour de reconnaissance et 2 de comp\u00e9tition, par \u00e9quipes de 3 joueurs.<\/p>\n<p>Classement individuel Brut et Net<\/p>\n<p>Classement par \u00e9quipes par addition des cartes de chaque \u00e9quipe.<\/p>\n<p style=\"padding-left: 120px;\"><strong>Capitaine d&rsquo;\u00e9quipe : Jean-Paul Trapy<\/strong><\/p>\n<p style=\"text-align: left; padding-left: 40px;\"><a href=\"http:\/\/golfecoledelair.fr\/compet fcd\/r\u00e9sultats national 23.pdf\" data-wplink-url-error=\"true\">R\u00e9sultats du National des 1er et 2 juillet 2023 \u00e0 Orl\u00e9ans\u00a0<\/a>\u00a0 \u00a0 \u00a0 \u00a0 \u00a0 \u00a0 \u00a0 \u00a0 \u00a0 \u00a0 \u00a0 \u00a0 \u00a0Photos<\/p>\n<p style=\"text-align: left; padding-left: 40px;\"><a href=\"http:\/\/golfecoledelair.fr\/compet fcd\/r\u00e9sultats national 24.pdf\">R\u00e9sultats du National des 1er et 2 juin 2024 \u00e0 Villacoublay<\/a>\u00a0 \u00a0 \u00a0 \u00a0 \u00a0 \u00a0 \u00a0 \u00a0 \u00a0 \u00a0 \u00a0 <a href=\"https:\/\/golfecoledelair.fr\/index.php\/photos-2024\/\">Photos<\/a><\/p>\n<p style=\"text-align: left; padding-left: 40px;\"><a href=\"http:\/\/golfecoledelair.fr\/compet fcd\/r\u00e9sultats national 25.pdf\">R\u00e9sultat du National des 31 mai &amp; 1er juin 2025 \u00e0 Valence\u00a0<\/a> \u00a0 \u00a0 \u00a0 \u00a0 \u00a0 \u00a0 \u00a0 \u00a0 \u00a0 \u00a0 <a href=\"https:\/\/golfecoledelair.fr\/index.php\/photos-2025\/\">Photos<\/a>\u00a0 \u00a0<\/p>\n<p style=\"text-align: left; padding-left: 40px;\">R\u00e9sultats du National des 13 &amp; 14 juin 2026 \u00e0 Bordeaux Pessac\u00a0 \u00a0 \u00a0 \u00a0 \u00a0 \u00a0 \u00a0 Photos\u00a0 \u00a0 \u00a0\u00a0<\/p>\n<p><img loading=\"lazy\" decoding=\"async\" class=\"alignnone  wp-image-2206 aligncenter\" src=\"https:\/\/golfecoledelair.fr\/wp-content\/uploads\/2022\/06\/Golfeur-mixte01.png\" alt=\". .\" width=\"127\" height=\"76\" \/><\/p>\n<p style=\"text-align: center;\">\u00a0<\/p>\n\n\n<p><\/p>\n","protected":false},"excerpt":{"rendered":"<p>Comp\u00e9titions de la F\u00e9d\u00e9ration des clubs de la d\u00e9fense (FCD) En savoir plus sur la FCD Championnat de la ligue Provence-Alpes-C\u00f4te d&rsquo;Azur-Corse : En savoir &hellip;<\/p>\n","protected":false},"author":1,"featured_media":10125,"parent":0,"menu_order":0,"comment_status":"closed","ping_status":"closed","template":"","meta":{"om_disable_all_campaigns":false,"_monsterinsights_skip_tracking":false,"_monsterinsights_sitenote_active":false,"_monsterinsights_sitenote_note":"","_monsterinsights_sitenote_category":0,"footnotes":""},"class_list":["post-1877","page","type-page","status-publish","has-post-thumbnail","hentry"],"aioseo_notices":[],"_links":{"self":[{"href":"https:\/\/golfecoledelair.fr\/index.php\/wp-json\/wp\/v2\/pages\/1877","targetHints":{"allow":["GET"]}}],"collection":[{"href":"https:\/\/golfecoledelair.fr\/index.php\/wp-json\/wp\/v2\/pages"}],"about":[{"href":"https:\/\/golfecoledelair.fr\/index.php\/wp-json\/wp\/v2\/types\/page"}],"author":[{"embeddable":true,"href":"https:\/\/golfecoledelair.fr\/index.php\/wp-json\/wp\/v2\/users\/1"}],"replies":[{"embeddable":true,"href":"https:\/\/golfecoledelair.fr\/index.php\/wp-json\/wp\/v2\/comments?post=1877"}],"version-history":[{"count":65,"href":"https:\/\/golfecoledelair.fr\/index.php\/wp-json\/wp\/v2\/pages\/1877\/revisions"}],"predecessor-version":[{"id":9700,"href":"https:\/\/golfecoledelair.fr\/index.php\/wp-json\/wp\/v2\/pages\/1877\/revisions\/9700"}],"wp:featuredmedia":[{"embeddable":true,"href":"https:\/\/golfecoledelair.fr\/index.php\/wp-json\/wp\/v2\/media\/10125"}],"wp:attachment":[{"href":"https:\/\/golfecoledelair.fr\/index.php\/wp-json\/wp\/v2\/media?parent=1877"}],"curies":[{"name":"wp","href":"https:\/\/api.w.org\/{rel}","templated":true}]}}