{"id":65,"date":"2021-08-13T22:13:16","date_gmt":"2021-08-13T20:13:16","guid":{"rendered":"https:\/\/golfecoledelair.fr\/?page_id=65"},"modified":"2026-04-18T23:34:28","modified_gmt":"2026-04-18T21:34:28","slug":"actualites","status":"publish","type":"page","link":"https:\/\/golfecoledelair.fr\/index.php\/actualites\/","title":{"rendered":"Actualit\u00e9s"},"content":{"rendered":"\n<p class=\"has-text-align-center\"><\/p>\n\n\n\n<figure class=\"wp-block-table\"><table class=\"has-background has-fixed-layout\" style=\"background:radial-gradient(rgb(255,245,203) 0%,rgb(182,227,212) 58%,rgb(51,167,181) 100%)\"><tbody><tr><td class=\"has-text-align-center\" data-align=\"center\"><br><strong>En vente \u00e0 l&rsquo;accueil du club :<\/strong><br><mark style=\"background-color:rgba(0, 0, 0, 0);color:#09b505\" class=\"has-inline-color\"><br><\/mark><strong><mark><mark style=\"background-color:#23d907\" class=\"has-inline-color has-accent-2-color\">Cartes de 10 greenfees<\/mark><\/mark><\/strong><br><strong>350 \u20ac<\/strong><\/td><td class=\"has-text-align-center\" data-align=\"center\"><img loading=\"lazy\" decoding=\"async\" width=\"400\" height=\"260\" src=\"https:\/\/golfecoledelair.fr\/wp-content\/uploads\/2025\/11\/GF10-X500-1.png\" alt=\"\" srcset=\"https:\/\/golfecoledelair.fr\/wp-content\/uploads\/2025\/11\/GF10-X500-1.png 500w, https:\/\/golfecoledelair.fr\/wp-content\/uploads\/2025\/11\/GF10-X500-1-300x195.png 300w, https:\/\/golfecoledelair.fr\/wp-content\/uploads\/2025\/11\/GF10-X500-1-462x300.png 462w\"><\/td><td class=\"has-text-align-center\" data-align=\"center\"><img loading=\"lazy\" decoding=\"async\" width=\"400\" height=\"259\" src=\"https:\/\/golfecoledelair.fr\/wp-content\/uploads\/2025\/11\/GF10-X500-2.png\" alt=\"\" srcset=\"https:\/\/golfecoledelair.fr\/wp-content\/uploads\/2025\/11\/GF10-X500-2.png 500w, https:\/\/golfecoledelair.fr\/wp-content\/uploads\/2025\/11\/GF10-X500-2-300x194.png 300w, https:\/\/golfecoledelair.fr\/wp-content\/uploads\/2025\/11\/GF10-X500-2-463x300.png 463w\"><\/td><\/tr><\/tbody><\/table><\/figure>\n\n\n\n<p class=\"has-text-align-center\"><\/p>\n\n\n\n<figure class=\"wp-block-table is-style-regular\"><table class=\"has-sitebg-color has-text-color has-background has-link-color has-fixed-layout\" style=\"background:linear-gradient(135deg,rgb(255,245,203) 0%,rgb(182,227,212) 8%,rgb(51,167,181) 93%)\"><tbody><tr><td class=\"has-text-align-center\" data-align=\"center\"><strong>D\u00e9cret n\u00b0 2025-582 du 27 juin 2025<\/strong><br><strong>relatif aux espaces sans tabac<\/strong><br><strong>et \u00e0 la lutte contre la vente aux mineurs des produits du tabac et du vapotage.<br> Application sur tout le territoire \u00e0 partir du 1<sup>er<\/sup>&nbsp;juillet&nbsp;2025&nbsp;<\/strong><br><br><img loading=\"lazy\" decoding=\"async\" width=\"700\" height=\"979\" class=\"wp-image-8690\" style=\"width: 700px;\" src=\"https:\/\/golfecoledelair.fr\/wp-content\/uploads\/2025\/08\/Sans-Tabac-1.jpg\" alt=\"\" srcset=\"https:\/\/golfecoledelair.fr\/wp-content\/uploads\/2025\/08\/Sans-Tabac-1.jpg 540w, https:\/\/golfecoledelair.fr\/wp-content\/uploads\/2025\/08\/Sans-Tabac-1-215x300.jpg 215w\" sizes=\"auto, (max-width: 700px) 100vw, 700px\" \/><br><br><a href=\"https:\/\/www.ffgolf.org\/la-federation\/toute-l-actualite\/le-tabac-est-desormais-interdit-dans-les-golfs-francais\" title=\"\">Informations compl\u00e9mentaires de la FFG<\/a><br><\/td><\/tr><\/tbody><\/table><\/figure>\n\n\n\n<figure class=\"wp-block-table\"><table class=\"has-background has-fixed-layout\" style=\"background:linear-gradient(135deg,rgb(255,245,203) 0%,rgb(182,227,212) 4%,rgb(51,167,181) 100%)\"><tbody><tr><td class=\"has-text-align-center\" data-align=\"center\"><img decoding=\"async\" class=\"wp-image-7795\" style=\"width: 800px;\" src=\"https:\/\/golfecoledelair.fr\/wp-content\/uploads\/2025\/03\/Affichette-1.jpg\" alt=\"\"><\/td><\/tr><\/tbody><\/table><\/figure>\n\n\n\n<figure class=\"wp-block-table has-large-font-size\"><table class=\"has-text-color has-background has-link-color has-fixed-layout\" style=\"color:#011157;background:radial-gradient(rgb(74,234,220) 0%,rgb(151,120,209) 0%,rgb(207,42,186) 0%,rgb(238,44,130) 9%,rgb(251,105,98) 24%,rgb(254,248,76) 100%)\"><tbody><tr><td class=\"has-text-align-center\" data-align=\"center\"><strong>LIGUE PACA :<\/strong> <strong>GRAND PRIX JEUNES<\/strong><br><strong>DU DOMAINE DE MANVILLE, 1er et 2 mars 2025<\/strong><br><strong><em>SUPERBE VICTOIRE<\/em><\/strong> <strong><em>de Margaux DELGADO<\/em><br><\/strong><img loading=\"lazy\" decoding=\"async\" width=\"800\" height=\"1000\" class=\"wp-image-7616\" style=\"width: 800px;\" src=\"https:\/\/golfecoledelair.fr\/wp-content\/uploads\/2025\/03\/Margaux-Delgado.png\" alt=\"\" srcset=\"https:\/\/golfecoledelair.fr\/wp-content\/uploads\/2025\/03\/Margaux-Delgado.png 1080w, https:\/\/golfecoledelair.fr\/wp-content\/uploads\/2025\/03\/Margaux-Delgado-240x300.png 240w, https:\/\/golfecoledelair.fr\/wp-content\/uploads\/2025\/03\/Margaux-Delgado-819x1024.png 819w, https:\/\/golfecoledelair.fr\/wp-content\/uploads\/2025\/03\/Margaux-Delgado-768x960.png 768w\" sizes=\"auto, (max-width: 800px) 100vw, 800px\" \/><br><\/td><\/tr><\/tbody><\/table><\/figure>\n\n\n\n<figure class=\"wp-block-table has-large-font-size\"><table class=\"has-accent-1-color has-text-color has-background has-link-color has-fixed-layout\" style=\"background:linear-gradient(135deg,rgb(255,245,203) 0%,rgb(182,227,212) 9%,rgb(51,167,181) 38%)\"><tbody><tr><td class=\"has-text-align-center\" data-align=\"center\"><strong><em><mark style=\"background-color:rgba(0, 0, 0, 0)\" class=\"has-inline-color has-accent-2-color\">Article du R\u00e9gional<\/mark><\/em><\/strong><br><img loading=\"lazy\" decoding=\"async\" width=\"1100\" height=\"795\" class=\"wp-image-7325\" style=\"width: 1100px;\" src=\"https:\/\/golfecoledelair.fr\/wp-content\/uploads\/2025\/01\/Article-de-journal-2.jpg\" alt=\"\" srcset=\"https:\/\/golfecoledelair.fr\/wp-content\/uploads\/2025\/01\/Article-de-journal-2.jpg 1474w, https:\/\/golfecoledelair.fr\/wp-content\/uploads\/2025\/01\/Article-de-journal-2-300x217.jpg 300w, https:\/\/golfecoledelair.fr\/wp-content\/uploads\/2025\/01\/Article-de-journal-2-1024x740.jpg 1024w, https:\/\/golfecoledelair.fr\/wp-content\/uploads\/2025\/01\/Article-de-journal-2-768x555.jpg 768w, https:\/\/golfecoledelair.fr\/wp-content\/uploads\/2025\/01\/Article-de-journal-2-415x300.jpg 415w\" sizes=\"auto, (max-width: 1100px) 100vw, 1100px\" \/><\/td><\/tr><\/tbody><\/table><\/figure>\n\n\n\n<figure class=\"wp-block-table has-normal-font-size\"><table class=\"has-text-color has-background has-link-color has-fixed-layout\" style=\"color:#011342;background:linear-gradient(276deg,rgb(202,248,128) 87%,rgb(113,206,126) 100%)\"><tbody><tr><td class=\"has-text-align-center\" data-align=\"center\"><em><strong>Le 12 d\u00e9cembre 2024, rencontre amicale par \u00e9quipes sur 9 trous des Dames du Club<\/strong><\/em><br><em><strong>pour cl\u00f4turer une belle ann\u00e9e de participation aux diff\u00e9rentes comp\u00e9titions<\/strong><\/em><br><em><strong>(championnat, ladies, Lucienne).<\/strong><\/em><br><br><img loading=\"lazy\" decoding=\"async\" width=\"800\" height=\"533\" class=\"wp-image-7254\" style=\"width: 800px;\" src=\"https:\/\/golfecoledelair.fr\/wp-content\/uploads\/2024\/12\/Dames-Club-Decembre-24-1-scaled.jpg\" alt=\"\" srcset=\"https:\/\/golfecoledelair.fr\/wp-content\/uploads\/2024\/12\/Dames-Club-Decembre-24-1-scaled.jpg 2560w, https:\/\/golfecoledelair.fr\/wp-content\/uploads\/2024\/12\/Dames-Club-Decembre-24-1-300x200.jpg 300w, https:\/\/golfecoledelair.fr\/wp-content\/uploads\/2024\/12\/Dames-Club-Decembre-24-1-1024x683.jpg 1024w, https:\/\/golfecoledelair.fr\/wp-content\/uploads\/2024\/12\/Dames-Club-Decembre-24-1-768x512.jpg 768w, https:\/\/golfecoledelair.fr\/wp-content\/uploads\/2024\/12\/Dames-Club-Decembre-24-1-1536x1024.jpg 1536w, https:\/\/golfecoledelair.fr\/wp-content\/uploads\/2024\/12\/Dames-Club-Decembre-24-1-2048x1365.jpg 2048w, https:\/\/golfecoledelair.fr\/wp-content\/uploads\/2024\/12\/Dames-Club-Decembre-24-1-450x300.jpg 450w\" sizes=\"auto, (max-width: 800px) 100vw, 800px\" \/><br><\/td><\/tr><\/tbody><\/table><\/figure>\n\n\n\n<figure class=\"wp-block-table has-large-font-size\"><table class=\"has-text-color has-background has-link-color has-fixed-layout\" style=\"color:#020d40;background:linear-gradient(135deg,rgb(255,245,203) 0%,rgb(182,227,212) 0%,rgb(51,167,181) 100%)\"><tbody><tr><td class=\"has-text-align-center\" data-align=\"center\"><strong><em>Facile de sortir des bunkers gr\u00e2ce \u00e0 ce magnifique sable.<br>Un grand merci \u00e0 Nicolas et \u00e0 l&rsquo;\u00e9quipe des jardiniers !<\/em><\/strong><br><br><strong>N&rsquo;oublions pas de ratisser en quittant la plage<\/strong>.<br><br><img loading=\"lazy\" decoding=\"async\" width=\"700\" height=\"525\" class=\"wp-image-7128\" style=\"width: 700px;\" src=\"https:\/\/golfecoledelair.fr\/wp-content\/uploads\/2024\/11\/2024-11-28-a-10.29.38_5d712fcb.jpg\" alt=\"\" srcset=\"https:\/\/golfecoledelair.fr\/wp-content\/uploads\/2024\/11\/2024-11-28-a-10.29.38_5d712fcb.jpg 2032w, https:\/\/golfecoledelair.fr\/wp-content\/uploads\/2024\/11\/2024-11-28-a-10.29.38_5d712fcb-300x225.jpg 300w, https:\/\/golfecoledelair.fr\/wp-content\/uploads\/2024\/11\/2024-11-28-a-10.29.38_5d712fcb-1024x768.jpg 1024w, https:\/\/golfecoledelair.fr\/wp-content\/uploads\/2024\/11\/2024-11-28-a-10.29.38_5d712fcb-768x576.jpg 768w, https:\/\/golfecoledelair.fr\/wp-content\/uploads\/2024\/11\/2024-11-28-a-10.29.38_5d712fcb-1536x1152.jpg 1536w, https:\/\/golfecoledelair.fr\/wp-content\/uploads\/2024\/11\/2024-11-28-a-10.29.38_5d712fcb-400x300.jpg 400w\" sizes=\"auto, (max-width: 700px) 100vw, 700px\" \/><\/td><\/tr><\/tbody><\/table><\/figure>\n\n\n\n<figure class=\"wp-block-table\"><table class=\"has-background has-fixed-layout\" style=\"background:linear-gradient(135deg,rgb(254,205,165) 0%,rgb(254,45,45) 100%,rgb(107,0,62) 100%)\"><tbody><tr><td class=\"has-text-align-center\" data-align=\"center\"><img loading=\"lazy\" decoding=\"async\" width=\"700\" height=\"494\" class=\"wp-image-7066\" style=\"width: 700px;\" src=\"https:\/\/golfecoledelair.fr\/wp-content\/uploads\/2024\/10\/Promo-2024-11.png\" alt=\"\" srcset=\"https:\/\/golfecoledelair.fr\/wp-content\/uploads\/2024\/10\/Promo-2024-11.png 1113w, https:\/\/golfecoledelair.fr\/wp-content\/uploads\/2024\/10\/Promo-2024-11-300x212.png 300w, https:\/\/golfecoledelair.fr\/wp-content\/uploads\/2024\/10\/Promo-2024-11-1024x722.png 1024w, https:\/\/golfecoledelair.fr\/wp-content\/uploads\/2024\/10\/Promo-2024-11-768x542.png 768w, https:\/\/golfecoledelair.fr\/wp-content\/uploads\/2024\/10\/Promo-2024-11-425x300.png 425w\" sizes=\"auto, (max-width: 700px) 100vw, 700px\" \/><\/td><\/tr><\/tbody><\/table><\/figure>\n\n\n\n<figure class=\"wp-block-table has-large-font-size\"><table class=\"has-midnight-gradient-background has-text-color has-background has-link-color has-fixed-layout\" style=\"color:#060606\"><tbody><tr><td class=\"has-text-align-center\" data-align=\"center\"><img loading=\"lazy\" decoding=\"async\" width=\"700\" height=\"928\" class=\"wp-image-7058\" style=\"width: 700px;\" src=\"https:\/\/golfecoledelair.fr\/wp-content\/uploads\/2024\/10\/Acces-golf.png\" alt=\"\" srcset=\"https:\/\/golfecoledelair.fr\/wp-content\/uploads\/2024\/10\/Acces-golf.png 546w, https:\/\/golfecoledelair.fr\/wp-content\/uploads\/2024\/10\/Acces-golf-226x300.png 226w\" sizes=\"auto, (max-width: 700px) 100vw, 700px\" \/><\/td><\/tr><\/tbody><\/table><\/figure>\n\n\n\n<figure class=\"wp-block-table has-large-font-size\"><table class=\"has-accent-1-color has-text-color has-background has-link-color\" style=\"background:linear-gradient(241deg,rgb(238,238,238) 0%,rgb(169,184,195) 100%)\"><tbody><tr><td class=\"has-text-align-center\" data-align=\"center\"><strong>Obtenez votre carte de fid\u00e9lit\u00e9 au proshop<\/strong><br><br><img loading=\"lazy\" decoding=\"async\" width=\"800\" height=\"511\" class=\"wp-image-5526\" style=\"width: 800px;\" src=\"https:\/\/golfecoledelair.fr\/wp-content\/uploads\/2024\/03\/Carte-fidelite-04.jpg\" alt=\"\" srcset=\"https:\/\/golfecoledelair.fr\/wp-content\/uploads\/2024\/03\/Carte-fidelite-04.jpg 1996w, https:\/\/golfecoledelair.fr\/wp-content\/uploads\/2024\/03\/Carte-fidelite-04-300x191.jpg 300w, https:\/\/golfecoledelair.fr\/wp-content\/uploads\/2024\/03\/Carte-fidelite-04-1024x654.jpg 1024w, https:\/\/golfecoledelair.fr\/wp-content\/uploads\/2024\/03\/Carte-fidelite-04-768x490.jpg 768w, https:\/\/golfecoledelair.fr\/wp-content\/uploads\/2024\/03\/Carte-fidelite-04-1536x980.jpg 1536w, https:\/\/golfecoledelair.fr\/wp-content\/uploads\/2024\/03\/Carte-fidelite-04-470x300.jpg 470w\" sizes=\"auto, (max-width: 800px) 100vw, 800px\" \/><\/td><\/tr><\/tbody><\/table><\/figure>\n\n\n\n<figure class=\"wp-block-table has-large-font-size\"><table class=\"has-text-color has-background has-link-color\" style=\"color:#00030c;background:linear-gradient(135deg,rgb(254,205,165) 14%,rgb(254,45,45) 92%,rgb(107,0,62) 100%)\"><tbody><tr><td class=\"has-text-align-center\" data-align=\"center\"><strong>Les r\u00e8gles locales modifi\u00e9es 2024, mises \u00e0 jour par notre arbitre f\u00e9d\u00e9ral Jean-Claude sont consultables dans le menu \u00ab\u00a0<a href=\"https:\/\/golfecoledelair.fr\/index.php\/le-parcours\/\" target=\"_blank\" rel=\"noopener\" title=\"\">Le Parcours<\/a><\/strong>\u00a0\u00bb .<br><strong>Il n&rsquo;est pas inutile d&rsquo;aller les parcourir.<\/strong><\/td><\/tr><\/tbody><\/table><\/figure>\n\n\n\n<figure class=\"wp-block-table\"><table class=\"has-pale-ocean-gradient-background has-background\"><tbody><tr><td class=\"has-text-align-center\" data-align=\"center\"><img loading=\"lazy\" decoding=\"async\" width=\"1000\" height=\"1413\" class=\"wp-image-4830\" style=\"width: 1000px;\" src=\"https:\/\/golfecoledelair.fr\/wp-content\/uploads\/2023\/11\/Flyer-EA-1-scaled.jpg\" alt=\". .\" srcset=\"https:\/\/golfecoledelair.fr\/wp-content\/uploads\/2023\/11\/Flyer-EA-1-scaled.jpg 1812w, https:\/\/golfecoledelair.fr\/wp-content\/uploads\/2023\/11\/Flyer-EA-1-212x300.jpg 212w, https:\/\/golfecoledelair.fr\/wp-content\/uploads\/2023\/11\/Flyer-EA-1-725x1024.jpg 725w, https:\/\/golfecoledelair.fr\/wp-content\/uploads\/2023\/11\/Flyer-EA-1-768x1085.jpg 768w, https:\/\/golfecoledelair.fr\/wp-content\/uploads\/2023\/11\/Flyer-EA-1-1087x1536.jpg 1087w, https:\/\/golfecoledelair.fr\/wp-content\/uploads\/2023\/11\/Flyer-EA-1-1449x2048.jpg 1449w\" sizes=\"auto, (max-width: 1000px) 100vw, 1000px\" \/><br><img loading=\"lazy\" decoding=\"async\" width=\"800\" height=\"1143\" class=\"wp-image-4831\" style=\"width: 800px;\" src=\"https:\/\/golfecoledelair.fr\/wp-content\/uploads\/2023\/11\/Flyer-EA-2.jpg\" alt=\". .\" srcset=\"https:\/\/golfecoledelair.fr\/wp-content\/uploads\/2023\/11\/Flyer-EA-2.jpg 1720w, https:\/\/golfecoledelair.fr\/wp-content\/uploads\/2023\/11\/Flyer-EA-2-210x300.jpg 210w, https:\/\/golfecoledelair.fr\/wp-content\/uploads\/2023\/11\/Flyer-EA-2-717x1024.jpg 717w, https:\/\/golfecoledelair.fr\/wp-content\/uploads\/2023\/11\/Flyer-EA-2-768x1098.jpg 768w, https:\/\/golfecoledelair.fr\/wp-content\/uploads\/2023\/11\/Flyer-EA-2-1075x1536.jpg 1075w, https:\/\/golfecoledelair.fr\/wp-content\/uploads\/2023\/11\/Flyer-EA-2-1433x2048.jpg 1433w\" sizes=\"auto, (max-width: 800px) 100vw, 800px\" \/><\/td><\/tr><\/tbody><\/table><\/figure>\n\n\n\n<figure class=\"wp-block-table has-large-font-size\"><table class=\"has-text-color has-background\" style=\"color:#070707;background:linear-gradient(135deg,rgb(255,245,203) 0%,rgb(182,227,212) 0%,rgb(51,167,181) 100%)\"><tbody><tr><td class=\"has-text-align-center\" data-align=\"center\"><strong>Championnat de France militaire de golf<\/strong><br><img loading=\"lazy\" decoding=\"async\" width=\"1000\" height=\"667\" class=\"wp-image-4400\" style=\"width: 1000px;\" src=\"https:\/\/golfecoledelair.fr\/wp-content\/uploads\/2023\/06\/Chpt-france-Mili-2023-2.jpg\" alt=\". .\" srcset=\"https:\/\/golfecoledelair.fr\/wp-content\/uploads\/2023\/06\/Chpt-france-Mili-2023-2.jpg 2048w, https:\/\/golfecoledelair.fr\/wp-content\/uploads\/2023\/06\/Chpt-france-Mili-2023-2-300x200.jpg 300w, https:\/\/golfecoledelair.fr\/wp-content\/uploads\/2023\/06\/Chpt-france-Mili-2023-2-1024x683.jpg 1024w, https:\/\/golfecoledelair.fr\/wp-content\/uploads\/2023\/06\/Chpt-france-Mili-2023-2-768x512.jpg 768w, https:\/\/golfecoledelair.fr\/wp-content\/uploads\/2023\/06\/Chpt-france-Mili-2023-2-1536x1024.jpg 1536w, https:\/\/golfecoledelair.fr\/wp-content\/uploads\/2023\/06\/Chpt-france-Mili-2023-2-450x300.jpg 450w\" sizes=\"auto, (max-width: 1000px) 100vw, 1000px\" \/>   <br><img loading=\"lazy\" decoding=\"async\" width=\"800\" height=\"533\" class=\"wp-image-4402\" style=\"width: 800px;\" src=\"https:\/\/golfecoledelair.fr\/wp-content\/uploads\/2023\/06\/Chpt-france-Mili-2023-1.jpg\" alt=\". .\" srcset=\"https:\/\/golfecoledelair.fr\/wp-content\/uploads\/2023\/06\/Chpt-france-Mili-2023-1.jpg 2048w, https:\/\/golfecoledelair.fr\/wp-content\/uploads\/2023\/06\/Chpt-france-Mili-2023-1-300x200.jpg 300w, https:\/\/golfecoledelair.fr\/wp-content\/uploads\/2023\/06\/Chpt-france-Mili-2023-1-1024x683.jpg 1024w, https:\/\/golfecoledelair.fr\/wp-content\/uploads\/2023\/06\/Chpt-france-Mili-2023-1-768x512.jpg 768w, https:\/\/golfecoledelair.fr\/wp-content\/uploads\/2023\/06\/Chpt-france-Mili-2023-1-1536x1024.jpg 1536w, https:\/\/golfecoledelair.fr\/wp-content\/uploads\/2023\/06\/Chpt-france-Mili-2023-1-450x300.jpg 450w\" sizes=\"auto, (max-width: 800px) 100vw, 800px\" \/><\/td><\/tr><\/tbody><\/table><\/figure>\n\n\n\n<figure class=\"wp-block-table has-large-font-size\"><table class=\"has-background\" style=\"background:linear-gradient(135deg,rgb(255,203,112) 100%,rgb(199,81,192) 100%,rgb(65,88,208) 100%)\"><tbody><tr><td class=\"has-text-align-center\" data-align=\"center\"><a href=\"http:\/\/golfecoledelair.fr\/doc actualit\u00e9s\/competition preparation.pdf\" target=\"_blank\" rel=\"noopener\" title=\"\"><strong>Quelques conseils pour pr\u00e9parer ses comp\u00e9titions<\/strong><\/a><\/td><\/tr><\/tbody><\/table><\/figure>\n\n\n\n<figure class=\"wp-block-table\"><table class=\"has-electric-grass-gradient-background has-background\"><tbody><tr><td class=\"has-text-align-center\" data-align=\"center\"><img loading=\"lazy\" decoding=\"async\" width=\"800\" height=\"1046\" class=\"wp-image-3379\" style=\"width: 800px;\" src=\"https:\/\/golfecoledelair.fr\/wp-content\/uploads\/2022\/11\/Nouvelles-regles-2023.jpg\" alt=\". .\" srcset=\"https:\/\/golfecoledelair.fr\/wp-content\/uploads\/2022\/11\/Nouvelles-regles-2023.jpg 928w, https:\/\/golfecoledelair.fr\/wp-content\/uploads\/2022\/11\/Nouvelles-regles-2023-230x300.jpg 230w, https:\/\/golfecoledelair.fr\/wp-content\/uploads\/2022\/11\/Nouvelles-regles-2023-783x1024.jpg 783w, https:\/\/golfecoledelair.fr\/wp-content\/uploads\/2022\/11\/Nouvelles-regles-2023-768x1004.jpg 768w\" sizes=\"auto, (max-width: 800px) 100vw, 800px\" \/><br>14\/11\/2022<\/td><\/tr><\/tbody><\/table><\/figure>\n\n\n\n<figure class=\"wp-block-table alignfull\"><table class=\"has-background\" style=\"background:linear-gradient(135deg,rgb(255,245,203) 9%,rgb(182,227,212) 64%,rgb(51,167,181) 100%)\"><tbody><tr><td class=\"has-text-align-left\" data-align=\"left\">Un moment de po\u00e9sie<br><br><strong>Le rouge-gorge du Golf de l\u2019\u00c9cole de l\u2019air et de l\u2019espace<\/strong><br><br>Golf de l\u2019\u00c9cole de l\u2019air. Douze heures trente pr\u00e9cises.<br>Sifflement progressif, la PAF<sup>1<\/sup>&nbsp;vocalise,<br>S\u2019aligne sur la 34<sup>2<\/sup>, la poign\u00e9e<sup>3<\/sup> en but\u00e9e,<br>D\u00e9collent Box\u2019One, Box\u2019Two<sup>4<\/sup> par le vent chahut\u00e9s.<br>&nbsp;<br>Nous venons d\u2019arriver \u00e0 la fin du parcours,<br>Avec Mistral de face dans la partie retour,<br>Contents de terminer sans trop de balles perdues,                                                <br>Pour enfin savourer l\u2019ap\u00e9ro attendu.<br>&nbsp;<br>A peine assis plein sud, chauff\u00e9s par le soleil <br>Et ayant bien envie de bailler aux corneilles,<br>Il arrive sautillant sur ses pattes graciles<br>Surgissant du practice o\u00f9 est son domicile.<br>&nbsp;<br>Il inspecte les lieux au pied de nos fauteuils,<br>Saute sur les dossiers, nous faisant un clin d\u2019\u0153il,<br>Recherchant quelques miettes que volontiers on jette,<br>Alors que dans un cri repassent les Alpha-Jet<sup>5<\/sup>.<br>&nbsp;<br>Ami des plus fid\u00e8les, il nous tient compagnie,<br>Passereau sympathique et bien que peu farouche<br>Il reste sur ses gardes et de tout se m\u00e9fie<br>Rejoignant d\u2019un coup d\u2019aile, l\u2019abri d\u2019une vieille souche.<br>&nbsp;<br>Plastron \u00e9bouriff\u00e9 \u00e9voquant l\u2019\u00e9ryth\u00e8me<sup>6<\/sup>,<br>C\u2019est \u00ab\u00a0notre\u00a0\u00bb rouge-gorge et c\u2019est toujours le m\u00eame.<br>Enfin nous le pensons, c\u2019est assez rigolo<br>Pendant que dans le ciel se croisent les deux solos.<br><br>Si ce n\u2019est lui, c\u2019est donc son fr\u00e8re\u2026<br><br>************ <img loading=\"lazy\" decoding=\"async\" width=\"200\" height=\"268\" class=\"wp-image-1650\" style=\"width: 200px;\" src=\"https:\/\/golfecoledelair.fr\/wp-content\/uploads\/2022\/02\/Rouge-gorge-3.jpg\" alt=\". .\" srcset=\"https:\/\/golfecoledelair.fr\/wp-content\/uploads\/2022\/02\/Rouge-gorge-3.jpg 387w, https:\/\/golfecoledelair.fr\/wp-content\/uploads\/2022\/02\/Rouge-gorge-3-224x300.jpg 224w\" sizes=\"auto, (max-width: 200px) 100vw, 200px\" \/><br><br><sub><em>1 PAF : Patrouille acrobatique de France ou plus simplement \u00ab\u00a0Patrouille de France\u00a0\u00bb.<\/em><br><em>2 Piste 34 de la base a\u00e9rienne 701 \u00e0 Salon-de-Provence, orient\u00e9e au 340, face au vent dominant, le Mistral.<\/em><br>3 \u00ab\u00a0<em>Manette des gaz\u00a0\u00bb agissant sur la puissance du moteur, maximale lorsqu\u2019elle est en but\u00e9e, \u00e0 fond.<\/em><br><em>4 Box : Formation de plusieurs appareils, ici quatre.<\/em><br><em>5 Appareils en service actuellement \u00e0 la PAF.<\/em><br><em>6 Rougeur de la peau.<\/em><\/sub><br><br>21\/02\/2022<\/td><td><img loading=\"lazy\" decoding=\"async\" width=\"200\" height=\"295\" class=\"wp-image-1648\" style=\"width: 200px;\" src=\"https:\/\/golfecoledelair.fr\/wp-content\/uploads\/2022\/02\/Rouge-gorge-1.jpg\" alt=\". .\" srcset=\"https:\/\/golfecoledelair.fr\/wp-content\/uploads\/2022\/02\/Rouge-gorge-1.jpg 392w, https:\/\/golfecoledelair.fr\/wp-content\/uploads\/2022\/02\/Rouge-gorge-1-203x300.jpg 203w\" sizes=\"auto, (max-width: 200px) 100vw, 200px\" \/><br><br><br><br><br><br><br><br><br><img loading=\"lazy\" decoding=\"async\" width=\"200\" height=\"278\" class=\"wp-image-1649\" style=\"width: 200px;\" src=\"https:\/\/golfecoledelair.fr\/wp-content\/uploads\/2022\/02\/Rouge-gorge-2.jpg\" alt=\". .\" srcset=\"https:\/\/golfecoledelair.fr\/wp-content\/uploads\/2022\/02\/Rouge-gorge-2.jpg 289w, https:\/\/golfecoledelair.fr\/wp-content\/uploads\/2022\/02\/Rouge-gorge-2-216x300.jpg 216w\" sizes=\"auto, (max-width: 200px) 100vw, 200px\" \/><br><br><br><sub>Fran\u00e7ois-Marie Grimaldi<\/sub><br><sub>Marseille, le 17 f\u00e9vrier 2022<\/sub><br>&nbsp;<\/td><\/tr><\/tbody><\/table><\/figure>\n","protected":false},"excerpt":{"rendered":"<p>En vente \u00e0 l&rsquo;accueil du club :Cartes de 10 greenfees350 \u20ac D\u00e9cret n\u00b0 2025-582 du 27 juin 2025relatif aux espaces sans tabacet \u00e0 la lutte &hellip;<\/p>\n","protected":false},"author":1,"featured_media":10157,"parent":0,"menu_order":0,"comment_status":"closed","ping_status":"closed","template":"","meta":{"om_disable_all_campaigns":false,"_monsterinsights_skip_tracking":false,"_monsterinsights_sitenote_active":false,"_monsterinsights_sitenote_note":"","_monsterinsights_sitenote_category":0,"footnotes":""},"class_list":["post-65","page","type-page","status-publish","has-post-thumbnail","hentry"],"aioseo_notices":[],"_links":{"self":[{"href":"https:\/\/golfecoledelair.fr\/index.php\/wp-json\/wp\/v2\/pages\/65","targetHints":{"allow":["GET"]}}],"collection":[{"href":"https:\/\/golfecoledelair.fr\/index.php\/wp-json\/wp\/v2\/pages"}],"about":[{"href":"https:\/\/golfecoledelair.fr\/index.php\/wp-json\/wp\/v2\/types\/page"}],"author":[{"embeddable":true,"href":"https:\/\/golfecoledelair.fr\/index.php\/wp-json\/wp\/v2\/users\/1"}],"replies":[{"embeddable":true,"href":"https:\/\/golfecoledelair.fr\/index.php\/wp-json\/wp\/v2\/comments?post=65"}],"version-history":[{"count":460,"href":"https:\/\/golfecoledelair.fr\/index.php\/wp-json\/wp\/v2\/pages\/65\/revisions"}],"predecessor-version":[{"id":9597,"href":"https:\/\/golfecoledelair.fr\/index.php\/wp-json\/wp\/v2\/pages\/65\/revisions\/9597"}],"wp:featuredmedia":[{"embeddable":true,"href":"https:\/\/golfecoledelair.fr\/index.php\/wp-json\/wp\/v2\/media\/10157"}],"wp:attachment":[{"href":"https:\/\/golfecoledelair.fr\/index.php\/wp-json\/wp\/v2\/media?parent=65"}],"curies":[{"name":"wp","href":"https:\/\/api.w.org\/{rel}","templated":true}]}}